{"id":10938,"date":"2023-12-05T14:24:48","date_gmt":"2023-12-05T14:24:48","guid":{"rendered":"https:\/\/villa.tenutacostarossa.it\/?page_id=10938"},"modified":"2025-05-27T13:10:19","modified_gmt":"2025-05-27T13:10:19","slug":"faq","status":"publish","type":"page","link":"https:\/\/villa.tenutacostarossa.it\/de\/faq\/","title":{"rendered":"FAQ"},"content":{"rendered":"<p>[vc_row el_class=&#8220;nicht-anzeigen&#8220;][vc_column][rev_slider_vc alias=&#8220;home&#8220;][\/vc_column][\/vc_row][vc_row row_content_width=&#8220;grid&#8220;][vc_column][vc_column_text css=&#8220;.vc_custom_1701786239361{padding-top: 20px !important;}&#8220;]<\/p>\n<h1>FAQ<\/h1>\n<p>[\/vc_column_text][vc_empty_space height=&#8220;40px&#8220;]<div class=\"eltdf-accordion-holder clearfix eltdf-ac-default eltdf-accordion eltdf-ac-boxed\">\n\t<h2 class=\"eltdf-title-holder\">\n    <span class=\"eltdf-accordion-mark\">\n\t\t<span class=\"eltdf_icon_plus icon_plus\"><\/span>\n\t\t<span class=\"eltdf_icon_minus icon_minus-06\"><\/span>\n\t<\/span>\n\t<span class=\"eltdf-tab-title\">Has the holiday villa air conditioning?<\/span>\n<\/h2>\n<div class=\"eltdf-accordion-content\">\n\t<div class=\"eltdf-accordion-content-inner\">\n\t\t[vc_column_text]In der Mietvilla gibt es keine Klimaanlage, wir stellen Ventilatoren zur Verf\u00fcgung. [\/vc_column_text]\t<\/div>\n<\/div><h2 class=\"eltdf-title-holder\">\n    <span class=\"eltdf-accordion-mark\">\n\t\t<span class=\"eltdf_icon_plus icon_plus\"><\/span>\n\t\t<span class=\"eltdf_icon_minus icon_minus-06\"><\/span>\n\t<\/span>\n\t<span class=\"eltdf-tab-title\">How far is it from the Airport?<\/span>\n<\/h2>\n<div class=\"eltdf-accordion-content\">\n\t<div class=\"eltdf-accordion-content-inner\">\n\t\t[vc_column_text]56 km von Turin 56 km, 156 km von Mailand Malpensa. Ein Kontakt f\u00fcr den Transfer von Malpensa kann vermittelt werden[\/vc_column_text]\t<\/div>\n<\/div><h2 class=\"eltdf-title-holder\">\n    <span class=\"eltdf-accordion-mark\">\n\t\t<span class=\"eltdf_icon_plus icon_plus\"><\/span>\n\t\t<span class=\"eltdf_icon_minus icon_minus-06\"><\/span>\n\t<\/span>\n\t<span class=\"eltdf-tab-title\">Are there baby cots available?<\/span>\n<\/h2>\n<div class=\"eltdf-accordion-content\">\n\t<div class=\"eltdf-accordion-content-inner\">\n\t\t[vc_column_text]F\u00fcr Familien k\u00f6nnen wir bis zu zwei Kinderbetten kostenlos zur Verf\u00fcgung stellen (auf Anfrage)[\/vc_column_text]\t<\/div>\n<\/div><h2 class=\"eltdf-title-holder\">\n    <span class=\"eltdf-accordion-mark\">\n\t\t<span class=\"eltdf_icon_plus icon_plus\"><\/span>\n\t\t<span class=\"eltdf_icon_minus icon_minus-06\"><\/span>\n\t<\/span>\n\t<span class=\"eltdf-tab-title\">Is there a possibility to have a cook at the house?<\/span>\n<\/h2>\n<div class=\"eltdf-accordion-content\">\n\t<div class=\"eltdf-accordion-content-inner\">\n\t\t[vc_column_text]Wir k\u00f6nnen Ihnen die Adressen eines lokalen Restaurateurs nennen, der Ihnen Nudelgerichte f\u00fcr Ihre Familie in die Ferienvilla liefert (einschlie\u00dflich einer k\u00f6stlichen Lasagne). Wenn Sie sich eine Pause vom Kochen g\u00f6nnen m\u00f6chten, kann ein Pizzaiolo organisiert werden.[\/vc_column_text]\t<\/div>\n<\/div><h2 class=\"eltdf-title-holder\">\n    <span class=\"eltdf-accordion-mark\">\n\t\t<span class=\"eltdf_icon_plus icon_plus\"><\/span>\n\t\t<span class=\"eltdf_icon_minus icon_minus-06\"><\/span>\n\t<\/span>\n\t<span class=\"eltdf-tab-title\">Are there a lot of restaurants in proximity?<\/span>\n<\/h2>\n<div class=\"eltdf-accordion-content\">\n\t<div class=\"eltdf-accordion-content-inner\">\n\t\t[vc_column_text]Fubine ist 10 Minuten mit dem Auto von der Villa entfernt, und innerhalb von 15 bis 30 Minuten Autofahrt finden Sie im Herzen des Piemonts tolle M\u00f6glichkeiten zum Mittag- und Abendessen.[\/vc_column_text]\t<\/div>\n<\/div><h2 class=\"eltdf-title-holder\">\n    <span class=\"eltdf-accordion-mark\">\n\t\t<span class=\"eltdf_icon_plus icon_plus\"><\/span>\n\t\t<span class=\"eltdf_icon_minus icon_minus-06\"><\/span>\n\t<\/span>\n\t<span class=\"eltdf-tab-title\">Who can I contact during my stay?<\/span>\n<\/h2>\n<div class=\"eltdf-accordion-content\">\n\t<div class=\"eltdf-accordion-content-inner\">\n\t\t[vc_column_text]Es gibt einen Manager, der Sie willkommen hei\u00dft und w\u00e4hrend Ihres Aufenthalts Ihr Ansprechpartner ist. Er lebt in einem separaten Haus auf dem Landgut Tenuta CostaRossa. Er wird Sie beraten und Ihnen n\u00fctzliche Informationen geben k\u00f6nnen.[\/vc_column_text]\t<\/div>\n<\/div><h2 class=\"eltdf-title-holder\">\n    <span class=\"eltdf-accordion-mark\">\n\t\t<span class=\"eltdf_icon_plus icon_plus\"><\/span>\n\t\t<span class=\"eltdf_icon_minus icon_minus-06\"><\/span>\n\t<\/span>\n\t<span class=\"eltdf-tab-title\">How many parking spaces are there?<\/span>\n<\/h2>\n<div class=\"eltdf-accordion-content\">\n\t<div class=\"eltdf-accordion-content-inner\">\n\t\t[vc_column_text]Es gibt gen\u00fcgend \u00fcberdachte und nicht \u00fcberdachte Parkpl\u00e4tze auf dem Grundst\u00fcck.[\/vc_column_text]\t<\/div>\n<\/div><h2 class=\"eltdf-title-holder\">\n    <span class=\"eltdf-accordion-mark\">\n\t\t<span class=\"eltdf_icon_plus icon_plus\"><\/span>\n\t\t<span class=\"eltdf_icon_minus icon_minus-06\"><\/span>\n\t<\/span>\n\t<span class=\"eltdf-tab-title\">Do I need a car?<\/span>\n<\/h2>\n<div class=\"eltdf-accordion-content\">\n\t<div class=\"eltdf-accordion-content-inner\">\n\t\t[vc_column_text]Wenn Sie nicht mit dem Auto anreisen, ist ein Mietwagen sehr zu empfehlen.[\/vc_column_text]\t<\/div>\n<\/div><h2 class=\"eltdf-title-holder\">\n    <span class=\"eltdf-accordion-mark\">\n\t\t<span class=\"eltdf_icon_plus icon_plus\"><\/span>\n\t\t<span class=\"eltdf_icon_minus icon_minus-06\"><\/span>\n\t<\/span>\n\t<span class=\"eltdf-tab-title\">Where can I buy groceries?<\/span>\n<\/h2>\n<div class=\"eltdf-accordion-content\">\n\t<div class=\"eltdf-accordion-content-inner\">\n\t\t[vc_column_text]Ein gut sortierter Supermarkt, Lebensmittelgesch\u00e4fte und B\u00e4ckereien sind innerhalb von 10 Minuten mit dem Auto zu erreichen.[\/vc_column_text]\t<\/div>\n<\/div><h2 class=\"eltdf-title-holder\">\n    <span class=\"eltdf-accordion-mark\">\n\t\t<span class=\"eltdf_icon_plus icon_plus\"><\/span>\n\t\t<span class=\"eltdf_icon_minus icon_minus-06\"><\/span>\n\t<\/span>\n\t<span class=\"eltdf-tab-title\">What is the size of the swimming pool?<\/span>\n<\/h2>\n<div class=\"eltdf-accordion-content\">\n\t<div class=\"eltdf-accordion-content-inner\">\n\t\t[vc_column_text]Es gibt ein beheiztes Schwimmbad (12m) [\/vc_column_text]\t<\/div>\n<\/div><h2 class=\"eltdf-title-holder\">\n    <span class=\"eltdf-accordion-mark\">\n\t\t<span class=\"eltdf_icon_plus icon_plus\"><\/span>\n\t\t<span class=\"eltdf_icon_minus icon_minus-06\"><\/span>\n\t<\/span>\n\t<span class=\"eltdf-tab-title\">How many people is the villa suitable for?<\/span>\n<\/h2>\n<div class=\"eltdf-accordion-content\">\n\t<div class=\"eltdf-accordion-content-inner\">\n\t\t[vc_column_text]Ideal f\u00fcr Gruppen von 14 bis 18 Personen, z.B. Freundeskreise, Familien, kleine Teams oder Vereine.[\/vc_column_text]\t<\/div>\n<\/div><h2 class=\"eltdf-title-holder\">\n    <span class=\"eltdf-accordion-mark\">\n\t\t<span class=\"eltdf_icon_plus icon_plus\"><\/span>\n\t\t<span class=\"eltdf_icon_minus icon_minus-06\"><\/span>\n\t<\/span>\n\t<span class=\"eltdf-tab-title\">Is there a minimum stay at the villa?<\/span>\n<\/h2>\n<div class=\"eltdf-accordion-content\">\n\t<div class=\"eltdf-accordion-content-inner\">\n\t\t[vc_column_text]Ja, der Mindestaufenthalt betr\u00e4gt 3 N\u00e4chte. Perfekt f\u00fcr verl\u00e4ngerte Wochenenden im Fr\u00fchling oder Herbst.[\/vc_column_text]\t<\/div>\n<\/div><h2 class=\"eltdf-title-holder\">\n    <span class=\"eltdf-accordion-mark\">\n\t\t<span class=\"eltdf_icon_plus icon_plus\"><\/span>\n\t\t<span class=\"eltdf_icon_minus icon_minus-06\"><\/span>\n\t<\/span>\n\t<span class=\"eltdf-tab-title\">Is the villa suitable for girls&#039; weekends or group trips?<\/span>\n<\/h2>\n<div class=\"eltdf-accordion-content\">\n\t<div class=\"eltdf-accordion-content-inner\">\n\t\t[vc_column_text]Die Villa bietet Privatsph\u00e4re, eine stilvolle Atmosph\u00e4re und ger\u00e4umige Gemeinschaftsbereiche f\u00fcr angenehme Aufenthalte.[\/vc_column_text]\t<\/div>\n<\/div><h2 class=\"eltdf-title-holder\">\n    <span class=\"eltdf-accordion-mark\">\n\t\t<span class=\"eltdf_icon_plus icon_plus\"><\/span>\n\t\t<span class=\"eltdf_icon_minus icon_minus-06\"><\/span>\n\t<\/span>\n\t<span class=\"eltdf-tab-title\">What activities are available in the area during autumn?<\/span>\n<\/h2>\n<div class=\"eltdf-accordion-content\">\n\t<div class=\"eltdf-accordion-content-inner\">\n\t\t[vc_column_text]Tr\u00fcffelsuche, Golf im renommierten Margara Golf Club, private F\u00fchrungen durch unser Weingut, kulinarische Ausfl\u00fcge und Wanderungen in den piemontesischen H\u00fcgeln.[\/vc_column_text]\t<\/div>\n<\/div><h2 class=\"eltdf-title-holder\">\n    <span class=\"eltdf-accordion-mark\">\n\t\t<span class=\"eltdf_icon_plus icon_plus\"><\/span>\n\t\t<span class=\"eltdf_icon_minus icon_minus-06\"><\/span>\n\t<\/span>\n\t<span class=\"eltdf-tab-title\">Is the villa suitable for company outings or team events?<\/span>\n<\/h2>\n<div class=\"eltdf-accordion-content\">\n\t<div class=\"eltdf-accordion-content-inner\">\n\t\t[vc_column_text]Ja, es ist ein idealer R\u00fcckzugsort f\u00fcr kleinere Teams oder Gesch\u00e4ftstreffen, mit Pool, Weinkellerbesichtigung und separaten Zimmern (alle mit eigenem Bad).[\/vc_column_text]\t<\/div>\n<\/div><h2 class=\"eltdf-title-holder\">\n    <span class=\"eltdf-accordion-mark\">\n\t\t<span class=\"eltdf_icon_plus icon_plus\"><\/span>\n\t\t<span class=\"eltdf_icon_minus icon_minus-06\"><\/span>\n\t<\/span>\n\t<span class=\"eltdf-tab-title\">How can the villa be reached by car?<\/span>\n<\/h2>\n<div class=\"eltdf-accordion-content\">\n\t<div class=\"eltdf-accordion-content-inner\">\n\t\t[vc_column_text]Von Z\u00fcrich (Schweiz) aus dauert es beispielsweise etwa 4,5 Stunden mit dem Auto. Perfekt f\u00fcr Wochenendausfl\u00fcge.[\/vc_column_text]\t<\/div>\n<\/div><h2 class=\"eltdf-title-holder\">\n    <span class=\"eltdf-accordion-mark\">\n\t\t<span class=\"eltdf_icon_plus icon_plus\"><\/span>\n\t\t<span class=\"eltdf_icon_minus icon_minus-06\"><\/span>\n\t<\/span>\n\t<span class=\"eltdf-tab-title\">Is the villa available for booking year-round?<\/span>\n<\/h2>\n<div class=\"eltdf-accordion-content\">\n\t<div class=\"eltdf-accordion-content-inner\">\n\t\t[vc_column_text]Nein, die Villa ist von Ende M\u00e4rz bis Ende Oktober\/Mitte November buchbar.[\/vc_column_text]\t<\/div>\n<\/div><h2 class=\"eltdf-title-holder\">\n    <span class=\"eltdf-accordion-mark\">\n\t\t<span class=\"eltdf_icon_plus icon_plus\"><\/span>\n\t\t<span class=\"eltdf_icon_minus icon_minus-06\"><\/span>\n\t<\/span>\n\t<span class=\"eltdf-tab-title\">What amenities does the villa offer for groups?<\/span>\n<\/h2>\n<div class=\"eltdf-accordion-content\">\n\t<div class=\"eltdf-accordion-content-inner\">\n\t\t[vc_column_text]Voll ausgestattete K\u00fcche, gro\u00dfe Essbereiche, Loungebereich, beheizter Au\u00dfenpool, Wi-Fi, Parkpl\u00e4tze, Au\u00dfenk\u00fcche, Spezialraum mit holzbefeuertem Pizzaofen, Spielzimmer[\/vc_column_text]\t<\/div>\n<\/div><\/div>[\/vc_column][\/vc_row][vc_row row_content_width=&#8220;grid&#8220;][vc_column][vc_empty_space height=&#8220;180px&#8220;][\/vc_column][\/vc_row]<\/p>\n","protected":false},"excerpt":{"rendered":"<p>[vc_row el_class=&#8220;nicht-anzeigen&#8220;][vc_column][rev_slider_vc alias=&#8220;home&#8220;][\/vc_column][\/vc_row][vc_row row_content_width=&#8220;grid&#8220;][vc_column][vc_column_text css=&#8220;.vc_custom_1701786239361{padding-top: 20px !important;}&#8220;] FAQ [\/vc_column_text][vc_empty_space height=&#8220;40px&#8220;][\/vc_column][\/vc_row][vc_row row_content_width=&#8220;grid&#8220;][vc_column][vc_empty_space height=&#8220;180px&#8220;][\/vc_column][\/vc_row]<\/p>\n","protected":false},"author":1,"featured_media":0,"parent":0,"menu_order":0,"comment_status":"closed","ping_status":"closed","template":"full-width.php","meta":{"footnotes":""},"class_list":["post-10938","page","type-page","status-publish","hentry"],"yoast_head":"<!-- This site is optimized with the Yoast SEO plugin v22.2 - https:\/\/yoast.com\/wordpress\/plugins\/seo\/ -->\n<title>FAQ - Tenuta CostaRossa<\/title>\n<meta name=\"description\" content=\"Kontaktieren Sie uns! Wir freuen uns, von Ihnen zu h\u00f6ren\" \/>\n<meta name=\"robots\" content=\"index, follow, max-snippet:-1, max-image-preview:large, max-video-preview:-1\" \/>\n<link rel=\"canonical\" href=\"https:\/\/villa.tenutacostarossa.it\/de\/faq\/\" \/>\n<meta property=\"og:locale\" content=\"de_DE\" \/>\n<meta property=\"og:type\" content=\"article\" \/>\n<meta property=\"og:title\" content=\"FAQ - Tenuta CostaRossa\" \/>\n<meta property=\"og:description\" content=\"Kontaktieren Sie uns! Wir freuen uns, von Ihnen zu h\u00f6ren\" \/>\n<meta property=\"og:url\" content=\"https:\/\/villa.tenutacostarossa.it\/de\/faq\/\" \/>\n<meta property=\"og:site_name\" content=\"Tenuta CostaRossa\" \/>\n<meta property=\"article:modified_time\" content=\"2025-05-27T13:10:19+00:00\" \/>\n<meta name=\"twitter:card\" content=\"summary_large_image\" \/>\n<meta name=\"twitter:label1\" content=\"Gesch\u00e4tzte Lesezeit\" \/>\n\t<meta name=\"twitter:data1\" content=\"4\u00a0Minuten\" \/>\n<script type=\"application\/ld+json\" class=\"yoast-schema-graph\">{\"@context\":\"https:\/\/schema.org\",\"@graph\":[{\"@type\":\"WebPage\",\"@id\":\"https:\/\/villa.tenutacostarossa.it\/de\/faq\/\",\"url\":\"https:\/\/villa.tenutacostarossa.it\/de\/faq\/\",\"name\":\"FAQ - Tenuta CostaRossa\",\"isPartOf\":{\"@id\":\"https:\/\/villa.tenutacostarossa.it\/#website\"},\"datePublished\":\"2023-12-05T14:24:48+00:00\",\"dateModified\":\"2025-05-27T13:10:19+00:00\",\"description\":\"Kontaktieren Sie uns! Wir freuen uns, von Ihnen zu h\u00f6ren\",\"breadcrumb\":{\"@id\":\"https:\/\/villa.tenutacostarossa.it\/de\/faq\/#breadcrumb\"},\"inLanguage\":\"de\",\"potentialAction\":[{\"@type\":\"ReadAction\",\"target\":[\"https:\/\/villa.tenutacostarossa.it\/de\/faq\/\"]}]},{\"@type\":\"BreadcrumbList\",\"@id\":\"https:\/\/villa.tenutacostarossa.it\/de\/faq\/#breadcrumb\",\"itemListElement\":[{\"@type\":\"ListItem\",\"position\":1,\"name\":\"Home\",\"item\":\"https:\/\/villa.tenutacostarossa.it\/de\/home\/\"},{\"@type\":\"ListItem\",\"position\":2,\"name\":\"FAQ\"}]},{\"@type\":\"WebSite\",\"@id\":\"https:\/\/villa.tenutacostarossa.it\/#website\",\"url\":\"https:\/\/villa.tenutacostarossa.it\/\",\"name\":\"Tenuta CostaRossa |\u00a0Villa in Piemonte\",\"description\":\"Villa\",\"publisher\":{\"@id\":\"https:\/\/villa.tenutacostarossa.it\/#organization\"},\"potentialAction\":[{\"@type\":\"SearchAction\",\"target\":{\"@type\":\"EntryPoint\",\"urlTemplate\":\"https:\/\/villa.tenutacostarossa.it\/?s={search_term_string}\"},\"query-input\":\"required name=search_term_string\"}],\"inLanguage\":\"de\"},{\"@type\":\"Organization\",\"@id\":\"https:\/\/villa.tenutacostarossa.it\/#organization\",\"name\":\"Tenuta CostaRossa |\u00a0Villa in Piemonte\",\"url\":\"https:\/\/villa.tenutacostarossa.it\/\",\"logo\":{\"@type\":\"ImageObject\",\"inLanguage\":\"de\",\"@id\":\"https:\/\/villa.tenutacostarossa.it\/#\/schema\/logo\/image\/\",\"url\":\"https:\/\/villa.tenutacostarossa.it\/wp-content\/uploads\/2022\/12\/Logo-Tenuta-CostaRossa-CR-quer-WEB-1.png\",\"contentUrl\":\"https:\/\/villa.tenutacostarossa.it\/wp-content\/uploads\/2022\/12\/Logo-Tenuta-CostaRossa-CR-quer-WEB-1.png\",\"width\":1661,\"height\":645,\"caption\":\"Tenuta CostaRossa |\u00a0Villa in Piemonte\"},\"image\":{\"@id\":\"https:\/\/villa.tenutacostarossa.it\/#\/schema\/logo\/image\/\"},\"sameAs\":[\"https:\/\/www.instagram.com\/tenuta_costarossa\/\"]}]}<\/script>\n<!-- \/ Yoast SEO plugin. -->","yoast_head_json":{"title":"FAQ - Tenuta CostaRossa","description":"Kontaktieren Sie uns! Wir freuen uns, von Ihnen zu h\u00f6ren","robots":{"index":"index","follow":"follow","max-snippet":"max-snippet:-1","max-image-preview":"max-image-preview:large","max-video-preview":"max-video-preview:-1"},"canonical":"https:\/\/villa.tenutacostarossa.it\/de\/faq\/","og_locale":"de_DE","og_type":"article","og_title":"FAQ - Tenuta CostaRossa","og_description":"Kontaktieren Sie uns! Wir freuen uns, von Ihnen zu h\u00f6ren","og_url":"https:\/\/villa.tenutacostarossa.it\/de\/faq\/","og_site_name":"Tenuta CostaRossa","article_modified_time":"2025-05-27T13:10:19+00:00","twitter_card":"summary_large_image","twitter_misc":{"Gesch\u00e4tzte Lesezeit":"4\u00a0Minuten"},"schema":{"@context":"https:\/\/schema.org","@graph":[{"@type":"WebPage","@id":"https:\/\/villa.tenutacostarossa.it\/de\/faq\/","url":"https:\/\/villa.tenutacostarossa.it\/de\/faq\/","name":"FAQ - Tenuta CostaRossa","isPartOf":{"@id":"https:\/\/villa.tenutacostarossa.it\/#website"},"datePublished":"2023-12-05T14:24:48+00:00","dateModified":"2025-05-27T13:10:19+00:00","description":"Kontaktieren Sie uns! Wir freuen uns, von Ihnen zu h\u00f6ren","breadcrumb":{"@id":"https:\/\/villa.tenutacostarossa.it\/de\/faq\/#breadcrumb"},"inLanguage":"de","potentialAction":[{"@type":"ReadAction","target":["https:\/\/villa.tenutacostarossa.it\/de\/faq\/"]}]},{"@type":"BreadcrumbList","@id":"https:\/\/villa.tenutacostarossa.it\/de\/faq\/#breadcrumb","itemListElement":[{"@type":"ListItem","position":1,"name":"Home","item":"https:\/\/villa.tenutacostarossa.it\/de\/home\/"},{"@type":"ListItem","position":2,"name":"FAQ"}]},{"@type":"WebSite","@id":"https:\/\/villa.tenutacostarossa.it\/#website","url":"https:\/\/villa.tenutacostarossa.it\/","name":"Tenuta CostaRossa |\u00a0Villa in Piemonte","description":"Villa","publisher":{"@id":"https:\/\/villa.tenutacostarossa.it\/#organization"},"potentialAction":[{"@type":"SearchAction","target":{"@type":"EntryPoint","urlTemplate":"https:\/\/villa.tenutacostarossa.it\/?s={search_term_string}"},"query-input":"required name=search_term_string"}],"inLanguage":"de"},{"@type":"Organization","@id":"https:\/\/villa.tenutacostarossa.it\/#organization","name":"Tenuta CostaRossa |\u00a0Villa in Piemonte","url":"https:\/\/villa.tenutacostarossa.it\/","logo":{"@type":"ImageObject","inLanguage":"de","@id":"https:\/\/villa.tenutacostarossa.it\/#\/schema\/logo\/image\/","url":"https:\/\/villa.tenutacostarossa.it\/wp-content\/uploads\/2022\/12\/Logo-Tenuta-CostaRossa-CR-quer-WEB-1.png","contentUrl":"https:\/\/villa.tenutacostarossa.it\/wp-content\/uploads\/2022\/12\/Logo-Tenuta-CostaRossa-CR-quer-WEB-1.png","width":1661,"height":645,"caption":"Tenuta CostaRossa |\u00a0Villa in Piemonte"},"image":{"@id":"https:\/\/villa.tenutacostarossa.it\/#\/schema\/logo\/image\/"},"sameAs":["https:\/\/www.instagram.com\/tenuta_costarossa\/"]}]}},"_links":{"self":[{"href":"https:\/\/villa.tenutacostarossa.it\/de\/wp-json\/wp\/v2\/pages\/10938","targetHints":{"allow":["GET"]}}],"collection":[{"href":"https:\/\/villa.tenutacostarossa.it\/de\/wp-json\/wp\/v2\/pages"}],"about":[{"href":"https:\/\/villa.tenutacostarossa.it\/de\/wp-json\/wp\/v2\/types\/page"}],"author":[{"embeddable":true,"href":"https:\/\/villa.tenutacostarossa.it\/de\/wp-json\/wp\/v2\/users\/1"}],"replies":[{"embeddable":true,"href":"https:\/\/villa.tenutacostarossa.it\/de\/wp-json\/wp\/v2\/comments?post=10938"}],"version-history":[{"count":27,"href":"https:\/\/villa.tenutacostarossa.it\/de\/wp-json\/wp\/v2\/pages\/10938\/revisions"}],"predecessor-version":[{"id":14228,"href":"https:\/\/villa.tenutacostarossa.it\/de\/wp-json\/wp\/v2\/pages\/10938\/revisions\/14228"}],"wp:attachment":[{"href":"https:\/\/villa.tenutacostarossa.it\/de\/wp-json\/wp\/v2\/media?parent=10938"}],"curies":[{"name":"wp","href":"https:\/\/api.w.org\/{rel}","templated":true}]}}